{"id":11216,"date":"2020-04-01T13:17:00","date_gmt":"2020-04-01T11:17:00","guid":{"rendered":"https:\/\/www.tenutaterravita.it\/appartamenti-suvereto\/"},"modified":"2025-06-17T08:58:36","modified_gmt":"2025-06-17T06:58:36","slug":"wohnungen","status":"publish","type":"page","link":"https:\/\/www.tenutaterravita.it\/de\/wohnungen\/","title":{"rendered":"Wohnungen"},"content":{"rendered":"\t\t<div data-elementor-type=\"wp-page\" data-elementor-id=\"11216\" class=\"elementor elementor-11216 elementor-2795\">\n\t\t\t\t<div class=\"elementor-element elementor-element-ec8c956 e-flex e-con-boxed e-con e-parent\" data-id=\"ec8c956\" data-element_type=\"container\">\n\t\t\t\t\t<div class=\"e-con-inner\">\n\t\t<div class=\"elementor-element elementor-element-890e813 e-con-full e-flex e-con e-child\" data-id=\"890e813\" data-element_type=\"container\">\n\t\t<div class=\"elementor-element elementor-element-eb5f10f e-con-full e-flex e-con e-child\" data-id=\"eb5f10f\" data-element_type=\"container\">\n\t\t<div class=\"elementor-element elementor-element-0e86dbe e-con-full e-flex e-con e-child\" data-id=\"0e86dbe\" data-element_type=\"container\">\n\t\t\t\t<div class=\"elementor-element elementor-element-a97443c elementor-widget elementor-widget-text-editor\" data-id=\"a97443c\" data-element_type=\"widget\" data-widget_type=\"text-editor.default\">\n\t\t\t\t<div class=\"elementor-widget-container\">\n\t\t\t\t\t\t\t\t\t<h1 style=\"text-align: center; color: #b86e59;\">Ferienwohnungen Suvereto<\/h1>\t\t\t\t\t\t\t\t<\/div>\n\t\t\t\t<\/div>\n\t\t\t\t<\/div>\n\t\t\t\t<\/div>\n\t\t\t\t<div class=\"elementor-element elementor-element-9084b1f elementor-widget elementor-widget-text-editor\" data-id=\"9084b1f\" data-element_type=\"widget\" data-widget_type=\"text-editor.default\">\n\t\t\t\t<div class=\"elementor-widget-container\">\n\t\t\t\t\t\t\t\t\t<blockquote><p>Unsere komplett renovierten Wohnungen k\u00f6nnen Sie f\u00fcr Ihren Urlaub in der Toskana mieten.<\/p><p>Bei <strong>TerraVita<\/strong> finden Sie Ihr Feriendomizil, das sich durch einen frischen, hellen und entspannten Stil auszeichnet.<\/p><\/blockquote>\t\t\t\t\t\t\t\t<\/div>\n\t\t\t\t<\/div>\n\t\t\t\t<div class=\"elementor-element elementor-element-df95576 elementor-widget elementor-widget-alloggio_core_room_list\" data-id=\"df95576\" data-element_type=\"widget\" data-widget_type=\"alloggio_core_room_list.default\">\n\t\t\t\t<div class=\"elementor-widget-container\">\n\t\t\t\t\t<div class=\"qodef-shortcode qodef-m  qodef-room-list qodef-layout--boxed   qodef-grid qodef-layout--columns  qodef-gutter--normal qodef-col-num--2 qodef-item-layout--boxed qodef--no-bottom-space qodef-pagination--off qodef-responsive--predefined\" data-options=\"{&quot;plugin&quot;:&quot;alloggio_core&quot;,&quot;module&quot;:&quot;post-types\\\/room\\\/shortcodes&quot;,&quot;shortcode&quot;:&quot;room-list&quot;,&quot;post_type&quot;:&quot;room&quot;,&quot;next_page&quot;:&quot;2&quot;,&quot;max_pages_num&quot;:0,&quot;posts_per_page&quot;:&quot;-1&quot;,&quot;orderby&quot;:&quot;menu_order&quot;,&quot;order&quot;:&quot;ASC&quot;,&quot;behavior&quot;:&quot;columns&quot;,&quot;images_proportion&quot;:&quot;full&quot;,&quot;columns&quot;:&quot;2&quot;,&quot;columns_responsive&quot;:&quot;predefined&quot;,&quot;space&quot;:&quot;normal&quot;,&quot;layout&quot;:&quot;boxed&quot;,&quot;title_tag&quot;:&quot;h4&quot;,&quot;pagination_type&quot;:&quot;no-pagination&quot;,&quot;object_class_name&quot;:&quot;AlloggioCoreRoomListShortcode&quot;,&quot;additional_query_args&quot;:[],&quot;unique&quot;:&quot;1&quot;,&quot;item_classes&quot;:&quot;qodef-e qodef-room-list-item qodef-grid-item&quot;,&quot;space_value&quot;:15}\">\n\t<div class=\"qodef-grid-inner clear\">\n\t\t<article class=\"qodef-e qodef-room-list-item qodef-grid-item qodef-item--full\" >\n\t<div class=\"qodef-e-inner\">\n\t\t<div class=\"qodef-e-media\">\n\t\t\t<div class=\"qodef-e-img-holder\">\n\t\t\t\t\t<div class=\"qodef-e-media-image\" data-swiper-parallax=\"27%\">\n\t\t<a itemprop=\"url\" href=\"https:\/\/www.tenutaterravita.it\/de\/appartamenti\/zweizimmerwohnung-mit-poolblick\/\">\n\t\t\t<img fetchpriority=\"high\" decoding=\"async\" width=\"1244\" height=\"829\" src=\"https:\/\/www.tenutaterravita.it\/wp-content\/uploads\/2020\/03\/00491-Terravita.jpg\" class=\"attachment-full size-full\" alt=\"\" srcset=\"https:\/\/www.tenutaterravita.it\/wp-content\/uploads\/2020\/03\/00491-Terravita.jpg 1244w, https:\/\/www.tenutaterravita.it\/wp-content\/uploads\/2020\/03\/00491-Terravita-300x200.jpg 300w, https:\/\/www.tenutaterravita.it\/wp-content\/uploads\/2020\/03\/00491-Terravita-600x400.jpg 600w, https:\/\/www.tenutaterravita.it\/wp-content\/uploads\/2020\/03\/00491-Terravita-1024x682.jpg 1024w, https:\/\/www.tenutaterravita.it\/wp-content\/uploads\/2020\/03\/00491-Terravita-768x512.jpg 768w\" sizes=\"(max-width: 1244px) 100vw, 1244px\" \/>\t\t<\/a>\n\t<\/div>\n\t\t\t<\/div>\n\t\t<\/div>\n\t\t<div class=\"qodef-e-content\">\n\t\t\t<div class=\"qodef-e-heading\">\n\t\t\t\t<h4 itemprop=\"name\" class=\"qodef-e-title entry-title\" >\n\t<a itemprop=\"url\" href=\"https:\/\/www.tenutaterravita.it\/de\/appartamenti\/zweizimmerwohnung-mit-poolblick\/\">\n\t\tZweizimmerwohnung mit Poolblick\t<\/a>\n<\/h4>\t\t\t\t\t\t\t<\/div>\n\t\t\t<div class=\"qodef-e-info-items\">\n\t\t\t\t\t\t\t\t\t<span class=\"qodef-e-room-size\">55 m2<\/span>\n\t\t\t\t\t<span class=\"qodef-e-capacity\">2-4 Personen<\/span>\n\t\t\t<\/div>\n\t\t\t\t\t<p itemprop=\"description\" class=\"qodef-e-excerpt\">1 Zimmer, 1 WC, Personen 2+2<\/p>\n\t\t\t\t<div class=\"qodef-e-button\">\n\t<a class=\"qodef-shortcode qodef-m  qodef-button qodef-layout--textual qodef-size--normal qodef-html--link\" href=\"https:\/\/www.tenutaterravita.it\/de\/appartamenti\/zweizimmerwohnung-mit-poolblick\/\" target=\"_self\"  >\t<span class=\"qodef-m-text\">Jetzt buchen<\/span>\t<span class=\"qodef-m-plus\"><\/span><\/a>\t\t<\/div>\t\t<\/div>\n\t<\/div>\n<\/article><article class=\"qodef-e qodef-room-list-item qodef-grid-item qodef-item--full\" >\n\t<div class=\"qodef-e-inner\">\n\t\t<div class=\"qodef-e-media\">\n\t\t\t<div class=\"qodef-e-img-holder\">\n\t\t\t\t\t<div class=\"qodef-e-media-image\" data-swiper-parallax=\"27%\">\n\t\t<a itemprop=\"url\" href=\"https:\/\/www.tenutaterravita.it\/de\/appartamenti\/drei-zimmer-gartenblick\/\">\n\t\t\t<img decoding=\"async\" width=\"1920\" height=\"1280\" src=\"https:\/\/www.tenutaterravita.it\/wp-content\/uploads\/2021\/10\/00321-Terravita-1.jpg\" class=\"attachment-full size-full\" alt=\"\" srcset=\"https:\/\/www.tenutaterravita.it\/wp-content\/uploads\/2021\/10\/00321-Terravita-1.jpg 1920w, https:\/\/www.tenutaterravita.it\/wp-content\/uploads\/2021\/10\/00321-Terravita-1-300x200.jpg 300w, https:\/\/www.tenutaterravita.it\/wp-content\/uploads\/2021\/10\/00321-Terravita-1-600x400.jpg 600w, https:\/\/www.tenutaterravita.it\/wp-content\/uploads\/2021\/10\/00321-Terravita-1-1024x683.jpg 1024w, https:\/\/www.tenutaterravita.it\/wp-content\/uploads\/2021\/10\/00321-Terravita-1-768x512.jpg 768w, https:\/\/www.tenutaterravita.it\/wp-content\/uploads\/2021\/10\/00321-Terravita-1-1536x1024.jpg 1536w\" sizes=\"(max-width: 1920px) 100vw, 1920px\" \/>\t\t<\/a>\n\t<\/div>\n\t\t\t<\/div>\n\t\t<\/div>\n\t\t<div class=\"qodef-e-content\">\n\t\t\t<div class=\"qodef-e-heading\">\n\t\t\t\t<h4 itemprop=\"name\" class=\"qodef-e-title entry-title\" >\n\t<a itemprop=\"url\" href=\"https:\/\/www.tenutaterravita.it\/de\/appartamenti\/drei-zimmer-gartenblick\/\">\n\t\tDrei-Zimmer Gartenblick\t<\/a>\n<\/h4>\t\t\t\t\t\t\t<\/div>\n\t\t\t<div class=\"qodef-e-info-items\">\n\t\t\t\t\t\t\t\t\t<span class=\"qodef-e-room-size\">90 m2<\/span>\n\t\t\t\t\t<span class=\"qodef-e-capacity\">4-6 Personen<\/span>\n\t\t\t<\/div>\n\t\t\t\t\t<p itemprop=\"description\" class=\"qodef-e-excerpt\">Dreizimmerwohnung qm 90 2 Zimmer, 2 WC, Personen 4+2<\/p>\n\t\t\t\t<div class=\"qodef-e-button\">\n\t<a class=\"qodef-shortcode qodef-m  qodef-button qodef-layout--textual qodef-size--normal qodef-html--link\" href=\"https:\/\/www.tenutaterravita.it\/de\/appartamenti\/drei-zimmer-gartenblick\/\" target=\"_self\"  >\t<span class=\"qodef-m-text\">Jetzt buchen<\/span>\t<span class=\"qodef-m-plus\"><\/span><\/a>\t\t<\/div>\t\t<\/div>\n\t<\/div>\n<\/article><article class=\"qodef-e qodef-room-list-item qodef-grid-item qodef-item--full\" >\n\t<div class=\"qodef-e-inner\">\n\t\t<div class=\"qodef-e-media\">\n\t\t\t<div class=\"qodef-e-img-holder\">\n\t\t\t\t\t<div class=\"qodef-e-media-image\" data-swiper-parallax=\"27%\">\n\t\t<a itemprop=\"url\" href=\"https:\/\/www.tenutaterravita.it\/de\/appartamenti\/drei-zimmer-ferienhaus\/\">\n\t\t\t<img decoding=\"async\" width=\"1206\" height=\"804\" src=\"https:\/\/www.tenutaterravita.it\/wp-content\/uploads\/2021\/10\/01518-Terravita-1.jpg\" class=\"attachment-full size-full\" alt=\"\" srcset=\"https:\/\/www.tenutaterravita.it\/wp-content\/uploads\/2021\/10\/01518-Terravita-1.jpg 1206w, https:\/\/www.tenutaterravita.it\/wp-content\/uploads\/2021\/10\/01518-Terravita-1-300x200.jpg 300w, https:\/\/www.tenutaterravita.it\/wp-content\/uploads\/2021\/10\/01518-Terravita-1-600x400.jpg 600w, https:\/\/www.tenutaterravita.it\/wp-content\/uploads\/2021\/10\/01518-Terravita-1-1024x683.jpg 1024w, https:\/\/www.tenutaterravita.it\/wp-content\/uploads\/2021\/10\/01518-Terravita-1-768x512.jpg 768w\" sizes=\"(max-width: 1206px) 100vw, 1206px\" \/>\t\t<\/a>\n\t<\/div>\n\t\t\t<\/div>\n\t\t<\/div>\n\t\t<div class=\"qodef-e-content\">\n\t\t\t<div class=\"qodef-e-heading\">\n\t\t\t\t<h4 itemprop=\"name\" class=\"qodef-e-title entry-title\" >\n\t<a itemprop=\"url\" href=\"https:\/\/www.tenutaterravita.it\/de\/appartamenti\/drei-zimmer-ferienhaus\/\">\n\t\tDrei-Zimmer-Ferienhaus\t<\/a>\n<\/h4>\t\t\t\t\t\t\t<\/div>\n\t\t\t<div class=\"qodef-e-info-items\">\n\t\t\t\t\t\t\t\t\t<span class=\"qodef-e-room-size\">60 m2<\/span>\n\t\t\t\t\t<span class=\"qodef-e-capacity\">2-4 Personen<\/span>\n\t\t\t<\/div>\n\t\t\t\t\t<p itemprop=\"description\" class=\"qodef-e-excerpt\">2 Zimmer, 1 WC, 4 Personen<\/p>\n\t\t\t\t<div class=\"qodef-e-button\">\n\t<a class=\"qodef-shortcode qodef-m  qodef-button qodef-layout--textual qodef-size--normal qodef-html--link\" href=\"https:\/\/www.tenutaterravita.it\/de\/appartamenti\/drei-zimmer-ferienhaus\/\" target=\"_self\"  >\t<span class=\"qodef-m-text\">Jetzt buchen<\/span>\t<span class=\"qodef-m-plus\"><\/span><\/a>\t\t<\/div>\t\t<\/div>\n\t<\/div>\n<\/article><article class=\"qodef-e qodef-room-list-item qodef-grid-item qodef-item--full\" >\n\t<div class=\"qodef-e-inner\">\n\t\t<div class=\"qodef-e-media\">\n\t\t\t<div class=\"qodef-e-img-holder\">\n\t\t\t\t\t<div class=\"qodef-e-media-image\" data-swiper-parallax=\"27%\">\n\t\t<a itemprop=\"url\" href=\"https:\/\/www.tenutaterravita.it\/de\/appartamenti\/zweizimmerwohnung-mit-aussenterrasse\/\">\n\t\t\t<img loading=\"lazy\" decoding=\"async\" width=\"1280\" height=\"960\" src=\"https:\/\/www.tenutaterravita.it\/wp-content\/uploads\/2025\/06\/IMG_0537.jpg\" class=\"attachment-full size-full\" alt=\"\" srcset=\"https:\/\/www.tenutaterravita.it\/wp-content\/uploads\/2025\/06\/IMG_0537.jpg 1280w, https:\/\/www.tenutaterravita.it\/wp-content\/uploads\/2025\/06\/IMG_0537-300x225.jpg 300w, https:\/\/www.tenutaterravita.it\/wp-content\/uploads\/2025\/06\/IMG_0537-1024x768.jpg 1024w, https:\/\/www.tenutaterravita.it\/wp-content\/uploads\/2025\/06\/IMG_0537-768x576.jpg 768w, https:\/\/www.tenutaterravita.it\/wp-content\/uploads\/2025\/06\/IMG_0537-600x450.jpg 600w\" sizes=\"(max-width: 1280px) 100vw, 1280px\" \/>\t\t<\/a>\n\t<\/div>\n\t\t\t<\/div>\n\t\t<\/div>\n\t\t<div class=\"qodef-e-content\">\n\t\t\t<div class=\"qodef-e-heading\">\n\t\t\t\t<h4 itemprop=\"name\" class=\"qodef-e-title entry-title\" >\n\t<a itemprop=\"url\" href=\"https:\/\/www.tenutaterravita.it\/de\/appartamenti\/zweizimmerwohnung-mit-aussenterrasse\/\">\n\t\tZweizimmerwohnung mit Au\u00dfenterrasse\t<\/a>\n<\/h4>\t\t\t\t\t\t\t<\/div>\n\t\t\t<div class=\"qodef-e-info-items\">\n\t\t\t\t\t\t\t\t\t<span class=\"qodef-e-room-size\">55 m2<\/span>\n\t\t\t\t\t<span class=\"qodef-e-capacity\">2-4 Personen<\/span>\n\t\t\t<\/div>\n\t\t\t\t\t<p itemprop=\"description\" class=\"qodef-e-excerpt\">1 Zimmer, 1 WC, Personen 2+2<\/p>\n\t\t\t\t<div class=\"qodef-e-button\">\n\t<a class=\"qodef-shortcode qodef-m  qodef-button qodef-layout--textual qodef-size--normal qodef-html--link\" href=\"https:\/\/www.tenutaterravita.it\/de\/appartamenti\/zweizimmerwohnung-mit-aussenterrasse\/\" target=\"_self\"  >\t<span class=\"qodef-m-text\">Jetzt buchen<\/span>\t<span class=\"qodef-m-plus\"><\/span><\/a>\t\t<\/div>\t\t<\/div>\n\t<\/div>\n<\/article><article class=\"qodef-e qodef-room-list-item qodef-grid-item qodef-item--full\" >\n\t<div class=\"qodef-e-inner\">\n\t\t<div class=\"qodef-e-media\">\n\t\t\t<div class=\"qodef-e-img-holder\">\n\t\t\t\t\t<div class=\"qodef-e-media-image\" data-swiper-parallax=\"27%\">\n\t\t<a itemprop=\"url\" href=\"https:\/\/www.tenutaterravita.it\/de\/appartamenti\/drei-zimmer-wohnung-chiara\/\">\n\t\t\t<img loading=\"lazy\" decoding=\"async\" width=\"1950\" height=\"1300\" src=\"https:\/\/www.tenutaterravita.it\/wp-content\/uploads\/2025\/06\/010.jpg\" class=\"attachment-full size-full\" alt=\"\" srcset=\"https:\/\/www.tenutaterravita.it\/wp-content\/uploads\/2025\/06\/010.jpg 1950w, https:\/\/www.tenutaterravita.it\/wp-content\/uploads\/2025\/06\/010-300x200.jpg 300w, https:\/\/www.tenutaterravita.it\/wp-content\/uploads\/2025\/06\/010-1024x683.jpg 1024w, https:\/\/www.tenutaterravita.it\/wp-content\/uploads\/2025\/06\/010-768x512.jpg 768w, https:\/\/www.tenutaterravita.it\/wp-content\/uploads\/2025\/06\/010-1536x1024.jpg 1536w, https:\/\/www.tenutaterravita.it\/wp-content\/uploads\/2025\/06\/010-600x400.jpg 600w\" sizes=\"(max-width: 1950px) 100vw, 1950px\" \/>\t\t<\/a>\n\t<\/div>\n\t\t\t<\/div>\n\t\t<\/div>\n\t\t<div class=\"qodef-e-content\">\n\t\t\t<div class=\"qodef-e-heading\">\n\t\t\t\t<h4 itemprop=\"name\" class=\"qodef-e-title entry-title\" >\n\t<a itemprop=\"url\" href=\"https:\/\/www.tenutaterravita.it\/de\/appartamenti\/drei-zimmer-wohnung-chiara\/\">\n\t\tDrei-Zimmer-Wohnung Chiara\t<\/a>\n<\/h4>\t\t\t\t\t\t\t<\/div>\n\t\t\t<div class=\"qodef-e-info-items\">\n\t\t\t\t\t\t\t\t\t\t\t\t\t<span class=\"qodef-e-capacity\">1-4 Personen<\/span>\n\t\t\t<\/div>\n\t\t\t\t\t<p itemprop=\"description\" class=\"qodef-e-excerpt\">3 Zimmer, 2 WC, 6 Personen (130 m\u00b2)<\/p>\n\t\t\t\t<div class=\"qodef-e-button\">\n\t<a class=\"qodef-shortcode qodef-m  qodef-button qodef-layout--textual qodef-size--normal qodef-html--link\" href=\"https:\/\/www.tenutaterravita.it\/de\/appartamenti\/drei-zimmer-wohnung-chiara\/\" target=\"_self\"  >\t<span class=\"qodef-m-text\">Jetzt buchen<\/span>\t<span class=\"qodef-m-plus\"><\/span><\/a>\t\t<\/div>\t\t<\/div>\n\t<\/div>\n<\/article><article class=\"qodef-e qodef-room-list-item qodef-grid-item qodef-item--full\" >\n\t<div class=\"qodef-e-inner\">\n\t\t<div class=\"qodef-e-media\">\n\t\t\t<div class=\"qodef-e-img-holder\">\n\t\t\t\t\t<div class=\"qodef-e-media-image\" data-swiper-parallax=\"27%\">\n\t\t<a itemprop=\"url\" href=\"https:\/\/www.tenutaterravita.it\/de\/appartamenti\/zwei-zimmer-wohnung-mit-terrasse\/\">\n\t\t\t<img loading=\"lazy\" decoding=\"async\" width=\"1950\" height=\"1300\" src=\"https:\/\/www.tenutaterravita.it\/wp-content\/uploads\/2025\/06\/001-1.jpg\" class=\"attachment-full size-full\" alt=\"\" srcset=\"https:\/\/www.tenutaterravita.it\/wp-content\/uploads\/2025\/06\/001-1.jpg 1950w, https:\/\/www.tenutaterravita.it\/wp-content\/uploads\/2025\/06\/001-1-300x200.jpg 300w, https:\/\/www.tenutaterravita.it\/wp-content\/uploads\/2025\/06\/001-1-1024x683.jpg 1024w, https:\/\/www.tenutaterravita.it\/wp-content\/uploads\/2025\/06\/001-1-768x512.jpg 768w, https:\/\/www.tenutaterravita.it\/wp-content\/uploads\/2025\/06\/001-1-1536x1024.jpg 1536w, https:\/\/www.tenutaterravita.it\/wp-content\/uploads\/2025\/06\/001-1-600x400.jpg 600w\" sizes=\"(max-width: 1950px) 100vw, 1950px\" \/>\t\t<\/a>\n\t<\/div>\n\t\t\t<\/div>\n\t\t<\/div>\n\t\t<div class=\"qodef-e-content\">\n\t\t\t<div class=\"qodef-e-heading\">\n\t\t\t\t<h4 itemprop=\"name\" class=\"qodef-e-title entry-title\" >\n\t<a itemprop=\"url\" href=\"https:\/\/www.tenutaterravita.it\/de\/appartamenti\/zwei-zimmer-wohnung-mit-terrasse\/\">\n\t\tZwei-Zimmer-Wohnung mit Terrasse\t<\/a>\n<\/h4>\t\t\t\t\t\t\t<\/div>\n\t\t\t<div class=\"qodef-e-info-items\">\n\t\t\t\t\t\t\t\t\t<span class=\"qodef-e-room-size\">55 m2<\/span>\n\t\t\t\t\t<span class=\"qodef-e-capacity\">2-4 Personen<\/span>\n\t\t\t<\/div>\n\t\t\t\t\t<p itemprop=\"description\" class=\"qodef-e-excerpt\">1 Zimmer, 1 WC, Personen 2+2<\/p>\n\t\t\t\t<div class=\"qodef-e-button\">\n\t<a class=\"qodef-shortcode qodef-m  qodef-button qodef-layout--textual qodef-size--normal qodef-html--link\" href=\"https:\/\/www.tenutaterravita.it\/de\/appartamenti\/zwei-zimmer-wohnung-mit-terrasse\/\" target=\"_self\"  >\t<span class=\"qodef-m-text\">Jetzt buchen<\/span>\t<span class=\"qodef-m-plus\"><\/span><\/a>\t\t<\/div>\t\t<\/div>\n\t<\/div>\n<\/article>\t<\/div>\n\t<\/div>\t\t\t\t<\/div>\n\t\t\t\t<\/div>\n\t\t\t\t<\/div>\n\t\t\t\t\t<\/div>\n\t\t\t\t<\/div>\n\t\t<div class=\"elementor-element elementor-element-1b4aa80 e-flex e-con-boxed e-con e-parent\" data-id=\"1b4aa80\" data-element_type=\"container\" data-settings=\"{&quot;background_background&quot;:&quot;classic&quot;}\">\n\t\t\t\t\t<div class=\"e-con-inner\">\n\t\t\t\t<div class=\"elementor-element elementor-element-10c24f8 elementor-widget elementor-widget-heading\" data-id=\"10c24f8\" data-element_type=\"widget\" data-widget_type=\"heading.default\">\n\t\t\t\t<div class=\"elementor-widget-container\">\n\t\t\t\t\t<h2 class=\"elementor-heading-title elementor-size-default\">Allgemeine Wohnungsdienstleistungen:<\/h2>\t\t\t\t<\/div>\n\t\t\t\t<\/div>\n\t\t\t\t\t<\/div>\n\t\t\t\t<\/div>\n\t\t<div class=\"elementor-element elementor-element-1f01f0c e-flex e-con-boxed e-con e-parent\" data-id=\"1f01f0c\" data-element_type=\"container\">\n\t\t\t\t\t<div class=\"e-con-inner\">\n\t\t<div class=\"elementor-element elementor-element-44bc90c e-con-full e-flex e-con e-child\" data-id=\"44bc90c\" data-element_type=\"container\">\n\t\t\t\t<div class=\"elementor-element elementor-element-c4590c2 elementor-icon-list--layout-traditional elementor-list-item-link-full_width elementor-widget elementor-widget-icon-list\" data-id=\"c4590c2\" data-element_type=\"widget\" data-widget_type=\"icon-list.default\">\n\t\t\t\t<div class=\"elementor-widget-container\">\n\t\t\t\t\t\t\t<ul class=\"elementor-icon-list-items\">\n\t\t\t\t\t\t\t<li class=\"elementor-icon-list-item\">\n\t\t\t\t\t\t\t\t\t\t\t<span class=\"elementor-icon-list-icon\">\n\t\t\t\t\t\t\t<i aria-hidden=\"true\" class=\"fas fa-check\"><\/i>\t\t\t\t\t\t<\/span>\n\t\t\t\t\t\t\t\t\t\t<span class=\"elementor-icon-list-text\">Die Wohnungen sind alle mit kostenlosem Wi-Fi, Klimaanlage, Heizung und Moskitonetzen ausgestattet.<\/span>\n\t\t\t\t\t\t\t\t\t<\/li>\n\t\t\t\t\t\t\t\t<li class=\"elementor-icon-list-item\">\n\t\t\t\t\t\t\t\t\t\t\t<span class=\"elementor-icon-list-icon\">\n\t\t\t\t\t\t\t<i aria-hidden=\"true\" class=\"fas fa-check\"><\/i>\t\t\t\t\t\t<\/span>\n\t\t\t\t\t\t\t\t\t\t<span class=\"elementor-icon-list-text\">Die K\u00fcche ist mit einem Geschirrsp\u00fcler und einer originalen Nespresso-Kaffeemaschine ausgestattet.<\/span>\n\t\t\t\t\t\t\t\t\t<\/li>\n\t\t\t\t\t\t\t\t<li class=\"elementor-icon-list-item\">\n\t\t\t\t\t\t\t\t\t\t\t<span class=\"elementor-icon-list-icon\">\n\t\t\t\t\t\t\t<i aria-hidden=\"true\" class=\"fas fa-check\"><\/i>\t\t\t\t\t\t<\/span>\n\t\t\t\t\t\t\t\t\t\t<span class=\"elementor-icon-list-text\">Die Wohnungen verf\u00fcgen nicht \u00fcber einen Fernseher oder eine Waschmaschine, aber eine Gemeinschaftswaschk\u00fcche im Servicebereich nach dem Pool ist im Preis inbegriffen, komplett mit 2 Waschmaschinen, einem W\u00e4schetrockner, Waschmittel und B\u00fcgelzubeh\u00f6r.<\/span>\n\t\t\t\t\t\t\t\t\t<\/li>\n\t\t\t\t\t\t\t\t<li class=\"elementor-icon-list-item\">\n\t\t\t\t\t\t\t\t\t\t\t<span class=\"elementor-icon-list-icon\">\n\t\t\t\t\t\t\t<i aria-hidden=\"true\" class=\"fas fa-check\"><\/i>\t\t\t\t\t\t<\/span>\n\t\t\t\t\t\t\t\t\t\t<span class=\"elementor-icon-list-text\">Der W\u00e4schewechsel (Bettw\u00e4sche und Handt\u00fccher) erfolgt w\u00f6chentlich, aber es ist m\u00f6glich, einen zus\u00e4tzlichen W\u00e4schewechsel in der Wochenmitte f\u00fcr 20 \u20ac\/Person zu verlangen. <\/span>\n\t\t\t\t\t\t\t\t\t<\/li>\n\t\t\t\t\t\t<\/ul>\n\t\t\t\t\t\t<\/div>\n\t\t\t\t<\/div>\n\t\t\t\t<\/div>\n\t\t<div class=\"elementor-element elementor-element-255383f e-con-full e-flex e-con e-child\" data-id=\"255383f\" data-element_type=\"container\">\n\t\t\t\t<div class=\"elementor-element elementor-element-5330c45 elementor-icon-list--layout-traditional elementor-list-item-link-full_width elementor-widget elementor-widget-icon-list\" data-id=\"5330c45\" data-element_type=\"widget\" data-widget_type=\"icon-list.default\">\n\t\t\t\t<div class=\"elementor-widget-container\">\n\t\t\t\t\t\t\t<ul class=\"elementor-icon-list-items\">\n\t\t\t\t\t\t\t<li class=\"elementor-icon-list-item\">\n\t\t\t\t\t\t\t\t\t\t\t<span class=\"elementor-icon-list-icon\">\n\t\t\t\t\t\t\t<i aria-hidden=\"true\" class=\"fas fa-check\"><\/i>\t\t\t\t\t\t<\/span>\n\t\t\t\t\t\t\t\t\t\t<span class=\"elementor-icon-list-text\">Die Reinigung bei Ankunft und Abreise sowie die Reinigung alle 2 Tage ist im Preis inbegriffen. <\/span>\n\t\t\t\t\t\t\t\t\t<\/li>\n\t\t\t\t\t\t\t\t<li class=\"elementor-icon-list-item\">\n\t\t\t\t\t\t\t\t\t\t\t<span class=\"elementor-icon-list-icon\">\n\t\t\t\t\t\t\t<i aria-hidden=\"true\" class=\"fas fa-check\"><\/i>\t\t\t\t\t\t<\/span>\n\t\t\t\t\t\t\t\t\t\t<span class=\"elementor-icon-list-text\">F\u00fcr jede Wohnung sind ein Sonnenschirm und Sonnenliegen am Pool reserviert.  <\/span>\n\t\t\t\t\t\t\t\t\t<\/li>\n\t\t\t\t\t\t\t\t<li class=\"elementor-icon-list-item\">\n\t\t\t\t\t\t\t\t\t\t\t<span class=\"elementor-icon-list-icon\">\n\t\t\t\t\t\t\t<i aria-hidden=\"true\" class=\"fas fa-check\"><\/i>\t\t\t\t\t\t<\/span>\n\t\t\t\t\t\t\t\t\t\t<span class=\"elementor-icon-list-text\">Der Zugang zum Schwimmbad ist nur unter Einhaltung der geltenden Vorschriften und in der Zeit von 09.00-20.00 Uhr gestattet. <\/span>\n\t\t\t\t\t\t\t\t\t<\/li>\n\t\t\t\t\t\t\t\t<li class=\"elementor-icon-list-item\">\n\t\t\t\t\t\t\t\t\t\t\t<span class=\"elementor-icon-list-icon\">\n\t\t\t\t\t\t\t<i aria-hidden=\"true\" class=\"fas fa-check\"><\/i>\t\t\t\t\t\t<\/span>\n\t\t\t\t\t\t\t\t\t\t<span class=\"elementor-icon-list-text\">Tiere sind nicht erlaubt.<\/span>\n\t\t\t\t\t\t\t\t\t<\/li>\n\t\t\t\t\t\t\t\t<li class=\"elementor-icon-list-item\">\n\t\t\t\t\t\t\t\t\t\t\t<span class=\"elementor-icon-list-icon\">\n\t\t\t\t\t\t\t<i aria-hidden=\"true\" class=\"fas fa-check\"><\/i>\t\t\t\t\t\t<\/span>\n\t\t\t\t\t\t\t\t\t\t<span class=\"elementor-icon-list-text\">Die Anlage ist nicht mit Ladestationen f\u00fcr Elektroautos ausgestattet und das Aufladen an den Steckdosen in den Wohnungen ist nicht gestattet.<\/span>\n\t\t\t\t\t\t\t\t\t<\/li>\n\t\t\t\t\t\t<\/ul>\n\t\t\t\t\t\t<\/div>\n\t\t\t\t<\/div>\n\t\t\t\t<\/div>\n\t\t\t\t\t<\/div>\n\t\t\t\t<\/div>\n\t\t<div class=\"elementor-element elementor-element-552eb67 e-flex e-con-boxed e-con e-parent\" data-id=\"552eb67\" data-element_type=\"container\" id=\"form\">\n\t\t\t\t\t<div class=\"e-con-inner\">\n\t\t<div class=\"elementor-element elementor-element-2573560 e-con-full e-flex e-con e-child\" data-id=\"2573560\" data-element_type=\"container\">\n\t\t<div class=\"elementor-element elementor-element-92305a4 e-con-full e-flex e-con e-child\" data-id=\"92305a4\" data-element_type=\"container\">\n\t\t<div class=\"elementor-element elementor-element-6cfe818 e-con-full e-flex e-con e-child\" data-id=\"6cfe818\" data-element_type=\"container\">\n\t\t\t\t<div class=\"elementor-element elementor-element-bad0559 elementor-widget elementor-widget-heading\" data-id=\"bad0559\" data-element_type=\"widget\" data-widget_type=\"heading.default\">\n\t\t\t\t<div class=\"elementor-widget-container\">\n\t\t\t\t\t<h2 class=\"elementor-heading-title elementor-size-default\">Buchen bei uns zahlt sich aus<\/h2>\t\t\t\t<\/div>\n\t\t\t\t<\/div>\n\t\t\t\t<\/div>\n\t\t\t\t<\/div>\n\t\t<div class=\"elementor-element elementor-element-11593af e-con-full e-flex e-con e-child\" data-id=\"11593af\" data-element_type=\"container\">\n\t\t<div class=\"elementor-element elementor-element-660100d e-con-full e-flex e-con e-child\" data-id=\"660100d\" data-element_type=\"container\" data-settings=\"{&quot;background_background&quot;:&quot;classic&quot;}\">\n\t\t\t\t<div class=\"elementor-element elementor-element-d55d29e elementor-widget elementor-widget-text-editor\" data-id=\"d55d29e\" data-element_type=\"widget\" data-widget_type=\"text-editor.default\">\n\t\t\t\t<div class=\"elementor-widget-container\">\n\t\t\t\t\t\t\t\t\t<ul><li>Bester verf\u00fcgbarer Preis<\/li><li>Ma\u00dfgeschneiderte Angebote<\/li><li>Direkter Kontakt mit dem Personal<\/li><\/ul>\t\t\t\t\t\t\t\t<\/div>\n\t\t\t\t<\/div>\n\t\t\t\t<\/div>\n\t\t<div class=\"elementor-element elementor-element-d67c3ac e-con-full e-flex e-con e-child\" data-id=\"d67c3ac\" data-element_type=\"container\">\n\t\t\t\t<div class=\"elementor-element elementor-element-f43c915 elementor-widget elementor-widget-text-editor\" data-id=\"f43c915\" data-element_type=\"widget\" data-widget_type=\"text-editor.default\">\n\t\t\t\t<div class=\"elementor-widget-container\">\n\t\t\t\t\t\t\t\t\t<style>\n  iframe {width: 1px;min-width: 100%;}<\/style>\n\n<script src=\"https:\/\/www.berevenue.it\/wp-includes\/js\/iframeResizer.min.js\"><\/script>\n<iframe id=\"quotebox\" src=\"https:\/\/be.quovai.com\/be\/tenutaterravita\/quote-box\" scrolling=\"no\"><\/iframe>\n<script>\n  iFrameResize({ log: true }, '#quotebox')\n<\/script>\t\t\t\t\t\t\t\t<\/div>\n\t\t\t\t<\/div>\n\t\t\t\t<\/div>\n\t\t\t\t<\/div>\n\t\t\t\t<\/div>\n\t\t\t\t\t<\/div>\n\t\t\t\t<\/div>\n\t\t\t\t<\/div>\n\t\t","protected":false},"excerpt":{"rendered":"<p>Ferienwohnungen Suvereto Unsere komplett renovierten Wohnungen k\u00f6nnen Sie f\u00fcr Ihren Urlaub in der Toskana mieten. Bei TerraVita finden Sie Ihr Feriendomizil, das sich durch einen frischen, hellen und entspannten Stil auszeichnet. Zweizimmerwohnung mit Poolblick 55 m2 2-4 Personen 1 Zimmer, 1 WC, Personen 2+2 Jetzt buchen Drei-Zimmer Gartenblick 90 m2 4-6 Personen Dreizimmerwohnung qm 90 [&hellip;]<\/p>\n","protected":false},"author":10,"featured_media":0,"parent":0,"menu_order":0,"comment_status":"closed","ping_status":"closed","template":"page-full-width.php","meta":{"footnotes":""},"class_list":["post-11216","page","type-page","status-publish","hentry"],"_links":{"self":[{"href":"https:\/\/www.tenutaterravita.it\/de\/wp-json\/wp\/v2\/pages\/11216","targetHints":{"allow":["GET"]}}],"collection":[{"href":"https:\/\/www.tenutaterravita.it\/de\/wp-json\/wp\/v2\/pages"}],"about":[{"href":"https:\/\/www.tenutaterravita.it\/de\/wp-json\/wp\/v2\/types\/page"}],"author":[{"embeddable":true,"href":"https:\/\/www.tenutaterravita.it\/de\/wp-json\/wp\/v2\/users\/10"}],"replies":[{"embeddable":true,"href":"https:\/\/www.tenutaterravita.it\/de\/wp-json\/wp\/v2\/comments?post=11216"}],"version-history":[{"count":5,"href":"https:\/\/www.tenutaterravita.it\/de\/wp-json\/wp\/v2\/pages\/11216\/revisions"}],"predecessor-version":[{"id":11998,"href":"https:\/\/www.tenutaterravita.it\/de\/wp-json\/wp\/v2\/pages\/11216\/revisions\/11998"}],"wp:attachment":[{"href":"https:\/\/www.tenutaterravita.it\/de\/wp-json\/wp\/v2\/media?parent=11216"}],"curies":[{"name":"wp","href":"https:\/\/api.w.org\/{rel}","templated":true}]}}